{"id":511,"date":"2024-03-20T19:23:35","date_gmt":"2024-03-20T18:23:35","guid":{"rendered":"https:\/\/www.aromarestaurante.es\/erik-iveta\/"},"modified":"2024-04-12T08:13:57","modified_gmt":"2024-04-12T06:13:57","slug":"erik-iveta","status":"publish","type":"page","link":"https:\/\/www.aromarestaurante.es\/fi\/erik-iveta\/","title":{"rendered":"Erik &amp; Iveta"},"content":{"rendered":"<p>[et_pb_section fb_built=&#8221;1&#8243; admin_label=&#8221;Header&#8221; _builder_version=&#8221;4.24.2&#8243; _module_preset=&#8221;default&#8221; use_background_color_gradient=&#8221;on&#8221; background_color_gradient_stops=&#8221;rgba(0,0,0,0.5) 0%|rgba(0,0,0,0.5) 100%&#8221; background_color_gradient_overlays_image=&#8221;on&#8221; background_image=&#8221;http:\/\/aromarestaurante.es\/wp-content\/uploads\/2024\/03\/fine-dining-16.jpg&#8221; parallax=&#8221;on&#8221; custom_padding=&#8221;8%||8%||true|false&#8221; locked=&#8221;off&#8221; collapsed=&#8221;on&#8221; global_colors_info=&#8221;{}&#8221;][et_pb_row _builder_version=&#8221;4.24.2&#8243; _module_preset=&#8221;default&#8221; width=&#8221;90%&#8221; max_width=&#8221;900px&#8221; global_colors_info=&#8221;{}&#8221;][et_pb_column type=&#8221;4_4&#8243; _builder_version=&#8221;4.24.1&#8243; _module_preset=&#8221;default&#8221; global_colors_info=&#8221;{}&#8221;][et_pb_text _builder_version=&#8221;4.24.1&#8243; _module_preset=&#8221;7eeb0fa4-695f-4c14-bc3c-8b6f5ea1e918&#8243; header_text_color=&#8221;#FFFFFF&#8221; text_orientation=&#8221;center&#8221; custom_margin=&#8221;||10px||false|false&#8221; global_colors_info=&#8221;{}&#8221;]<\/p>\n<h1>Tietoa meist\u00e4<\/h1>\n<p>[\/et_pb_text][et_pb_text quote_border_color=&#8221;#FFFFFF&#8221; _builder_version=&#8221;4.24.2&#8243; _module_preset=&#8221;df52a0a2-9bc7-4543-bfed-1ba34e916551&#8243; text_font=&#8221;Arial|||on|||||&#8221; text_text_color=&#8221;#FFFFFF&#8221; link_text_color=&#8221;#FFFFFF&#8221; quote_text_color=&#8221;#FFFFFF&#8221; text_orientation=&#8221;center&#8221; module_alignment=&#8221;center&#8221; global_colors_info=&#8221;{}&#8221;]<\/p>\n<p>Iveta ja Erik ovat kansainv\u00e4linen perhe, joka on muuttanut Espanjaan kolmen Tukholmassa vietetyn vuosikymmenen j\u00e4lkeen. Meid\u00e4n kotitaloudessamme jokainen kulinaarinen luomus on t\u00e4ynn\u00e4 rakkautta.<\/p>\n<p>[\/et_pb_text][\/et_pb_column][\/et_pb_row][\/et_pb_section][et_pb_section fb_built=&#8221;1&#8243; _builder_version=&#8221;4.24.2&#8243; _module_preset=&#8221;default&#8221; custom_padding=&#8221;10vw||||false|false&#8221; global_colors_info=&#8221;{}&#8221;][et_pb_row column_structure=&#8221;1_2,1_2&#8243; _builder_version=&#8221;4.24.2&#8243; _module_preset=&#8221;default&#8221; width=&#8221;90%&#8221; max_width=&#8221;2000px&#8221; global_colors_info=&#8221;{}&#8221;][et_pb_column type=&#8221;1_2&#8243; _builder_version=&#8221;4.24.2&#8243; _module_preset=&#8221;default&#8221; global_colors_info=&#8221;{}&#8221;][et_pb_image src=&#8221;http:\/\/aromarestaurante.es\/wp-content\/uploads\/2024\/04\/ukio.jpg&#8221; title_text=&#8221;ukio&#8221; _builder_version=&#8221;4.24.2&#8243; _module_preset=&#8221;default&#8221; locked=&#8221;off&#8221; global_colors_info=&#8221;{}&#8221;][\/et_pb_image][\/et_pb_column][et_pb_column type=&#8221;1_2&#8243; _builder_version=&#8221;4.24.2&#8243; _module_preset=&#8221;default&#8221; global_colors_info=&#8221;{}&#8221;][et_pb_text _builder_version=&#8221;4.24.2&#8243; _module_preset=&#8221;4be86d27-c7c4-4523-841e-783b629c2ece&#8221; max_width=&#8221;440px&#8221; locked=&#8221;off&#8221; global_colors_info=&#8221;{}&#8221;]Intiasta kotoisin oleva Erik on koulutukseltaan elintarviketeknologi, ja h\u00e4n hioi taitojaan Ruotsissa, jossa h\u00e4n oppi hankkimaan ja k\u00e4sittelem\u00e4\u00e4n ensiluokkaisia raaka-aineita.<\/p>\n<p>Latviassa syntynyt Iveta puolestaan tuo mukanaan asiantuntemuksensa perinteisen eurooppalaisen keitti\u00f6n ja innovatiivisten fuusiotekniikoiden yhdist\u00e4misest\u00e4.<\/p>\n<p>Keitti\u00f6ss\u00e4mme jokainen ruokalaji valmistetaan suurella hellyydell\u00e4, mik\u00e4 kuvastaa intohimoamme kulinaarista k\u00e4sity\u00f6t\u00e4 kohtaan.<\/p>\n<p>Kutsumme l\u00e4mpim\u00e4sti sek\u00e4 uudet ett\u00e4 palaavat asiakkaat nauttimaan perinteisist\u00e4 ruoanlaittomenetelmist\u00e4mme. Anna omistautuneen tiimimme tarjota vertaansa vailla olevaa palvelua ja huolellista huomiota yksityiskohtiin vierailusi aikana.[\/et_pb_text][\/et_pb_column][\/et_pb_row][\/et_pb_section][et_pb_section fb_built=&#8221;1&#8243; admin_label=&#8221;Our Story&#8221; _builder_version=&#8221;4.24.1&#8243; _module_preset=&#8221;default&#8221; locked=&#8221;off&#8221; collapsed=&#8221;on&#8221; global_colors_info=&#8221;{}&#8221;][et_pb_row _builder_version=&#8221;4.24.2&#8243; _module_preset=&#8221;default&#8221; global_colors_info=&#8221;{}&#8221;][et_pb_column type=&#8221;4_4&#8243; _builder_version=&#8221;4.24.1&#8243; _module_preset=&#8221;default&#8221; global_colors_info=&#8221;{}&#8221;][et_pb_text _builder_version=&#8221;4.24.1&#8243; _module_preset=&#8221;61cf512c-946e-4ed0-b397-a0025d92b1d1&#8243; custom_margin=&#8221;||10px||false|false&#8221; global_colors_info=&#8221;{}&#8221;]<\/p>\n<h2>Tarinamme<\/h2>\n<p>[\/et_pb_text][et_pb_text _builder_version=&#8221;4.24.2&#8243; _module_preset=&#8221;4be86d27-c7c4-4523-841e-783b629c2ece&#8221; global_colors_info=&#8221;{}&#8221;]<\/p>\n<p>AROMA ilment\u00e4\u00e4 Fuengirolan kulinaarisen n\u00e4ytt\u00e4m\u00f6n olemusta. Ravintolamme on syntynyt syv\u00e4\u00e4n juurtuneesta rakkaudesta kaupungin moninaisiin makuihin ja rikkaaseen kulttuuriperint\u00f6\u00f6n, ja se on osoitus Andaluciaa m\u00e4\u00e4rittelev\u00e4st\u00e4 el\u00e4v\u00e4st\u00e4 gastronomisesta kuvakudoksesta. Vilkkaiden markkinoiden, eklektisten kaupunginosien ja dynaamisen ruokakulttuurin innoittamana pyrimme luomaan ruokailukokemuksen, joka on kunnianosoitus kaupungin ikonisille ruokalajeille ja samalla kulinaarisen innovaation rajojen ylitt\u00e4minen.<\/p>\n<p>Siit\u00e4 hetkest\u00e4 l\u00e4htien, kun astut ovestamme sis\u00e4\u00e4n, aloitat kulinaarisen matkan Fuengirolan syd\u00e4mess\u00e4. Jokainen ruokalistan ruokalaji on rakkauden ty\u00f6, joka on tehty huolella, jotta parhaat paikalliset raaka-aineet ja maut p\u00e4\u00e4sev\u00e4t oikeuksiinsa. Olipa kyse sitten ikonisesta v\u00e4limerellisest\u00e4 ruoasta tai l\u00e4heisilt\u00e4 maatiloilta ker\u00e4tyist\u00e4 tuoreista tuotteista, jokainen ainesosa kertoo tarinan laadusta, aitoudesta ja syv\u00e4\u00e4n juurtuneesta yhteydest\u00e4 maahan. AROMAssa kutsumme sinut maistelemaan Andalusian makuja, nauttimaan intohimosta ja luovuudesta, jotka muokkaavat ruokalistamme.<\/p>\n<p>L\u00e4mpim\u00e4st\u00e4 vieraanvaraisuudestamme sitoutumiseen kest\u00e4v\u00e4\u00e4n kehitykseen ja yhteis\u00f6llisyyteen AROMA on enemm\u00e4n kuin pelkk\u00e4 ravintola &#8211; se on kokoontumispaikka, jossa yst\u00e4v\u00e4t, perhe ja ruoan yst\u00e4v\u00e4t kokoontuvat jakamaan hyv\u00e4n ruoan ja hyv\u00e4n seuran ilon. Liity seuraamme, kun kirjoitamme tarinamme seuraavaa lukua, ja anna Medin makujen inspiroida aistejasi ja sytytt\u00e4\u00e4 kulinaarinen mielikuvituksesi.<\/p>\n<p>[\/et_pb_text][\/et_pb_column][\/et_pb_row][\/et_pb_section][et_pb_section fb_built=&#8221;1&#8243; admin_label=&#8221;Call to Action&#8221; _builder_version=&#8221;4.24.2&#8243; _module_preset=&#8221;default&#8221; use_background_color_gradient=&#8221;on&#8221; background_color_gradient_type=&#8221;circular&#8221; background_color_gradient_stops=&#8221;rgba(0,0,0,0.5) 0%|#000000 100%&#8221; background_color_gradient_overlays_image=&#8221;on&#8221; background_image=&#8221;http:\/\/aromarestaurante.es\/wp-content\/uploads\/2024\/04\/ghyu.jpg&#8221; parallax=&#8221;on&#8221; custom_padding=&#8221;8%||8%||true|false&#8221; locked=&#8221;off&#8221; collapsed=&#8221;on&#8221; global_colors_info=&#8221;{}&#8221;][et_pb_row _builder_version=&#8221;4.24.1&#8243; _module_preset=&#8221;default&#8221; max_width=&#8221;800px&#8221; global_colors_info=&#8221;{}&#8221;][et_pb_column type=&#8221;4_4&#8243; _builder_version=&#8221;4.24.1&#8243; _module_preset=&#8221;default&#8221; global_colors_info=&#8221;{}&#8221;][et_pb_text _builder_version=&#8221;4.24.2&#8243; _module_preset=&#8221;61cf512c-946e-4ed0-b397-a0025d92b1d1&#8243; header_2_text_color=&#8221;#FFFFFF&#8221; text_orientation=&#8221;center&#8221; global_colors_info=&#8221;{}&#8221;]<\/p>\n<h2>V\u00e4limeren p\u00f6yd\u00e4n ruokailun uudelleen keksiminen<\/h2>\n<p>[\/et_pb_text][et_pb_button button_url=&#8221;https:\/\/www.aromarestaurante.es\/fi\/varaukset\/&#8221; button_text=&#8221;Varaa p\u00f6yt\u00e4&#8221; button_alignment=&#8221;center&#8221; _builder_version=&#8221;4.24.3&#8243; _module_preset=&#8221;1637d62c-4510-4bc3-9f89-3603c75ae6f2&#8243; hover_enabled=&#8221;0&#8243; global_colors_info=&#8221;{}&#8221; sticky_enabled=&#8221;0&#8243;][\/et_pb_button][\/et_pb_column][\/et_pb_row][\/et_pb_section][et_pb_section fb_built=&#8221;1&#8243; admin_label=&#8221;Footer English&#8221; _builder_version=&#8221;4.24.1&#8243; _module_preset=&#8221;default&#8221; background_color=&#8221;#000000&#8243; custom_padding=&#8221;|10%||10%|false|true&#8221; global_module=&#8221;67&#8243; saved_tabs=&#8221;all&#8221; locked=&#8221;off&#8221; collapsed=&#8221;off&#8221; global_colors_info=&#8221;{}&#8221;][et_pb_row column_structure=&#8221;1_3,1_3,1_3&#8243; _builder_version=&#8221;4.24.2&#8243; _module_preset=&#8221;default&#8221; width=&#8221;100%&#8221; max_width=&#8221;2000px&#8221; global_colors_info=&#8221;{}&#8221;][et_pb_column type=&#8221;1_3&#8243; _builder_version=&#8221;4.24.1&#8243; _module_preset=&#8221;default&#8221; global_colors_info=&#8221;{}&#8221;][et_pb_text _builder_version=&#8221;4.24.2&#8243; _module_preset=&#8221;140db9a1-f33f-4aeb-80c3-7d361d7791d4&#8243; header_4_text_color=&#8221;#FFFFFF&#8221; custom_margin=&#8221;||10px||false|false&#8221; text_orientation_tablet=&#8221;center&#8221; text_orientation_phone=&#8221;center&#8221; text_orientation_last_edited=&#8221;on|tablet&#8221; global_colors_info=&#8221;{}&#8221;]<\/p>\n<h4><strong>AROMA<\/strong><\/h4>\n<p>[\/et_pb_text][et_pb_text quote_border_color=&#8221;#FFFFFF&#8221; _builder_version=&#8221;4.24.2&#8243; _module_preset=&#8221;96b88f53-c8be-4388-a463-e3841af03fa0&#8243; text_text_color=&#8221;#FFFFFF&#8221; link_text_color=&#8221;#FFFFFF&#8221; quote_text_color=&#8221;#FFFFFF&#8221; text_orientation_tablet=&#8221;center&#8221; text_orientation_phone=&#8221;center&#8221; text_orientation_last_edited=&#8221;on|tablet&#8221; global_colors_info=&#8221;{}&#8221;]+34 689 47 16 97[\/et_pb_text][\/et_pb_column][et_pb_column type=&#8221;1_3&#8243; _builder_version=&#8221;4.24.1&#8243; _module_preset=&#8221;default&#8221; global_colors_info=&#8221;{}&#8221;][et_pb_text _builder_version=&#8221;4.24.2&#8243; _module_preset=&#8221;eb3bb869-5fbf-4005-aee1-489f3c510769&#8243; header_5_text_color=&#8221;#FFFFFF&#8221; text_orientation=&#8221;center&#8221; global_colors_info=&#8221;{}&#8221;]<\/p>\n<h5>Calle Moncayo, 21-23<br \/>\n29640 Fuengirola, M\u00e1laga<\/h5>\n<p>[\/et_pb_text][et_pb_text _builder_version=&#8221;4.24.2&#8243; _module_preset=&#8221;eb3bb869-5fbf-4005-aee1-489f3c510769&#8243; header_5_text_color=&#8221;#FFFFFF&#8221; text_orientation=&#8221;center&#8221; global_colors_info=&#8221;{}&#8221;]<\/p>\n<h5>Tiistai-sunnuntai<\/h5>\n<h5>15:00h-23:00h<\/h5>\n<h5>Maanantai Suljettu<\/h5>\n<p>[\/et_pb_text][\/et_pb_column][et_pb_column type=&#8221;1_3&#8243; _builder_version=&#8221;4.24.1&#8243; _module_preset=&#8221;default&#8221; global_colors_info=&#8221;{}&#8221;][et_pb_text _builder_version=&#8221;4.24.3&#8243; _module_preset=&#8221;eb3bb869-5fbf-4005-aee1-489f3c510769&#8243; link_font=&#8221;||||on||||&#8221; header_5_text_color=&#8221;#FFFFFF&#8221; text_orientation=&#8221;right&#8221; custom_margin=&#8221;||10px||false|false&#8221; text_orientation_tablet=&#8221;center&#8221; text_orientation_phone=&#8221;center&#8221; text_orientation_last_edited=&#8221;on|tablet&#8221; locked=&#8221;off&#8221; global_colors_info=&#8221;{}&#8221;]<\/p>\n<h5><a href=\"mailto:admin@aromarestaurante.es\">admin@aromarestaurante.es<\/a><\/h5>\n<p>[\/et_pb_text][et_pb_social_media_follow _builder_version=&#8221;4.24.2&#8243; _module_preset=&#8221;default&#8221; text_orientation=&#8221;right&#8221; text_orientation_tablet=&#8221;center&#8221; text_orientation_phone=&#8221;center&#8221; text_orientation_last_edited=&#8221;on|tablet&#8221; global_colors_info=&#8221;{}&#8221;][et_pb_social_media_follow_network social_network=&#8221;facebook&#8221; url=&#8221;https:\/\/www.facebook.com\/restaurantaromafuengirola&#8221; _builder_version=&#8221;4.24.2&#8243; _module_preset=&#8221;default&#8221; global_colors_info=&#8221;{}&#8221; follow_button=&#8221;off&#8221; url_new_window=&#8221;on&#8221;]facebook[\/et_pb_social_media_follow_network][et_pb_social_media_follow_network social_network=&#8221;instagram&#8221; url=&#8221;https:\/\/www.instagram.com\/aroma_restaurant_fuengirola\/&#8221; _builder_version=&#8221;4.24.2&#8243; _module_preset=&#8221;default&#8221; global_colors_info=&#8221;{}&#8221; follow_button=&#8221;off&#8221; url_new_window=&#8221;on&#8221;]instagram[\/et_pb_social_media_follow_network][\/et_pb_social_media_follow][\/et_pb_column][\/et_pb_row][\/et_pb_section]<\/p>\n","protected":false},"excerpt":{"rendered":"<p>Tietoa meist\u00e4Iveta ja Erik ovat kansainv\u00e4linen perhe, joka on muuttanut Espanjaan kolmen Tukholmassa vietetyn vuosikymmenen j\u00e4lkeen. Meid\u00e4n kotitaloudessamme jokainen kulinaarinen luomus on t\u00e4ynn\u00e4 rakkautta.Intiasta kotoisin oleva Erik on koulutukseltaan elintarviketeknologi, ja h\u00e4n hioi taitojaan Ruotsissa, jossa h\u00e4n oppi hankkimaan ja k\u00e4sittelem\u00e4\u00e4n ensiluokkaisia raaka-aineita. Latviassa syntynyt Iveta puolestaan tuo mukanaan asiantuntemuksensa perinteisen eurooppalaisen keitti\u00f6n ja innovatiivisten [&hellip;]<\/p>\n","protected":false},"author":2,"featured_media":0,"parent":0,"menu_order":0,"comment_status":"closed","ping_status":"closed","template":"","meta":{"_et_pb_use_builder":"on","_et_pb_old_content":"","_et_gb_content_width":"","footnotes":""},"class_list":["post-511","page","type-page","status-publish","hentry"],"_links":{"self":[{"href":"https:\/\/www.aromarestaurante.es\/fi\/wp-json\/wp\/v2\/pages\/511","targetHints":{"allow":["GET"]}}],"collection":[{"href":"https:\/\/www.aromarestaurante.es\/fi\/wp-json\/wp\/v2\/pages"}],"about":[{"href":"https:\/\/www.aromarestaurante.es\/fi\/wp-json\/wp\/v2\/types\/page"}],"author":[{"embeddable":true,"href":"https:\/\/www.aromarestaurante.es\/fi\/wp-json\/wp\/v2\/users\/2"}],"replies":[{"embeddable":true,"href":"https:\/\/www.aromarestaurante.es\/fi\/wp-json\/wp\/v2\/comments?post=511"}],"version-history":[{"count":3,"href":"https:\/\/www.aromarestaurante.es\/fi\/wp-json\/wp\/v2\/pages\/511\/revisions"}],"predecessor-version":[{"id":660,"href":"https:\/\/www.aromarestaurante.es\/fi\/wp-json\/wp\/v2\/pages\/511\/revisions\/660"}],"wp:attachment":[{"href":"https:\/\/www.aromarestaurante.es\/fi\/wp-json\/wp\/v2\/media?parent=511"}],"curies":[{"name":"wp","href":"https:\/\/api.w.org\/{rel}","templated":true}]}}